{"version":"1.0","provider_name":"ProFinExperts","provider_url":"https:\/\/www.profinexperts.sk\/en","author_name":"Ing. Katar\u00edna Vidrov\u00e1 RSc.","author_url":"https:\/\/www.profinexperts.sk\/en\/author\/katarina-vidrova\/","title":"\"Z\u00e1ru\u010dn\u00e1 doba\" na kupovanej nehnute\u013enosti? - ProFinExperts","type":"rich","width":600,"height":338,"html":"<blockquote class=\"wp-embedded-content\" data-secret=\"5p9cwxG39S\"><a href=\"https:\/\/www.profinexperts.sk\/en\/zarucna-doba-na-kupovanej-nehnutelnosti\/\">The property \"Warranty period\"?<\/a><\/blockquote><iframe sandbox=\"allow-scripts\" security=\"restricted\" src=\"https:\/\/www.profinexperts.sk\/en\/zarucna-doba-na-kupovanej-nehnutelnosti\/embed\/#?secret=5p9cwxG39S\" width=\"600\" height=\"338\" title=\"&#8220;&#8222;Z\u00e1ru\u010dn\u00e1 doba&#8220; na kupovanej nehnute\u013enosti?&#8221; &#8212; ProFinExperts\" data-secret=\"5p9cwxG39S\" frameborder=\"0\" marginwidth=\"0\" marginheight=\"0\" scrolling=\"no\" class=\"wp-embedded-content\"><\/iframe><script type=\"text\/javascript\">\n\/* <![CDATA[ *\/\n\/*! This file is auto-generated *\/\n!function(d,l){\"use strict\";l.querySelector&&d.addEventListener&&\"undefined\"!=typeof URL&&(d.wp=d.wp||{},d.wp.receiveEmbedMessage||(d.wp.receiveEmbedMessage=function(e){var t=e.data;if((t||t.secret||t.message||t.value)&&!\/[^a-zA-Z0-9]\/.test(t.secret)){for(var s,r,n,a=l.querySelectorAll('iframe[data-secret=\"'+t.secret+'\"]'),o=l.querySelectorAll('blockquote[data-secret=\"'+t.secret+'\"]'),c=new RegExp(\"^https?:$\",\"i\"),i=0;i<o.length;i++)o[i].style.display=\"none\";for(i=0;i<a.length;i++)s=a[i],e.source===s.contentWindow&&(s.removeAttribute(\"style\"),\"height\"===t.message?(1e3<(r=parseInt(t.value,10))?r=1e3:~~r<200&&(r=200),s.height=r):\"link\"===t.message&&(r=new URL(s.getAttribute(\"src\")),n=new URL(t.value),c.test(n.protocol))&&n.host===r.host&&l.activeElement===s&&(d.top.location.href=t.value))}},d.addEventListener(\"message\",d.wp.receiveEmbedMessage,!1),l.addEventListener(\"DOMContentLoaded\",function(){for(var e,t,s=l.querySelectorAll(\"iframe.wp-embedded-content\"),r=0;r<s.length;r++)(t=(e=s[r]).getAttribute(\"data-secret\"))||(t=Math.random().toString(36).substring(2,12),e.src+=\"#?secret=\"+t,e.setAttribute(\"data-secret\",t)),e.contentWindow.postMessage({message:\"ready\",secret:t},\"*\")},!1)))}(window,document);\n\/\/# sourceURL=https:\/\/www.profinexperts.sk\/wp-includes\/js\/wp-embed.min.js\n\/* ]]> *\/\n<\/script>","thumbnail_url":"https:\/\/www.profinexperts.sk\/wp-content\/uploads\/2024\/03\/Dizajn-bez-nazvu-1.jpg","thumbnail_width":1920,"thumbnail_height":1080,"description":"V praxi sa stret\u00e1vame so situ\u00e1ciami, kedy je strana pred\u00e1vaj\u00facich v domnienke, \u017ee ak predaj\u00fa nehnute\u013enos\u0165, ich z\u00e1v\u00e4zky sa t\u00fdm kon\u010dia. Preto sa \u010dasto st\u00e1va, \u017ee zaml\u010dia nejak\u00e9 nedostatky \u010di u\u017e v\u00e1\u017enej\u0161ieho alebo menej v\u00e1\u017eneho charakteru. V skuto\u010dnosti je z\u00e1kon na strane kupuj\u00facich. Pred\u00e1vaj\u00faci je zodpovedn\u00fd za v\u0161etky vady pred\u00e1vanej nehnute\u013enosti do 24 mesiacov od prevodu. A to bez oh\u013eadu na to, \u010di o nich vedel alebo nie. Nie je mo\u017en\u00e9 sa vyvini\u0165 typu nevedeli sme o tom, alebo n\u00e1m sa to nest\u00e1valo. Ak\u00e9 mo\u017enosti ma strana kupuj\u00facich po prejaven\u00ed sa v\u00e1d?"}